{"id":1094,"date":"2024-05-06T06:07:58","date_gmt":"2024-05-06T04:07:58","guid":{"rendered":"https:\/\/www.iavs.ch\/qui-sommes-nous\/"},"modified":"2024-12-05T15:47:41","modified_gmt":"2024-12-05T14:47:41","slug":"wer-sind-wir","status":"publish","type":"page","link":"https:\/\/www.iavs.ch\/de\/wer-sind-wir\/","title":{"rendered":"Wer sind wir ?"},"content":{"rendered":"<div class=\"wpb-content-wrapper\"><p>[vc_row full_width=&#8220;stretch_row&#8220; content_placement=&#8220;middle&#8220; el_class=&#8220;section-banner&#8220; css=&#8220;.vc_custom_1715223123269{padding-top: 100px !important;padding-bottom: 100px !important;background-image: url(https:\/\/www.iavs.ch\/wp-content\/uploads\/2024\/05\/50fdad19d2f9f890e8c146839847a117.jpg?id=727) !important;background-position: center !important;background-repeat: no-repeat !important;background-size: cover !important;}&#8220;][vc_column css=&#8220;.vc_custom_1714982198824{margin-top: 0px !important;padding-top: 0px !important;}&#8220;][vc_custom_heading text=&#8220;Wer sind wir?&#8220; font_container=&#8220;tag:h1|font_size:56|text_align:center|color:%23ffffff|line_height:1.2&#8243; use_theme_fonts=&#8220;yes&#8220; css=&#8220;.vc_custom_1733408361468{margin-top: 0px !important;margin-bottom: 0px !important;padding-top: 0px !important;padding-bottom: 0px !important;}&#8220; el_class=&#8220;title-page&#8220;][\/vc_column][\/vc_row][vc_row][vc_column css=&#8220;.vc_custom_1715394682077{margin-top: 0px !important;padding-top: 0px !important;}&#8220;][vc_raw_html css=&#8220;.vc_custom_1715394638948{margin-top: 0px !important;margin-bottom: 0px !important;padding-top: 0px !important;padding-bottom: 0px !important;}&#8220;]JTVCYnJlYWRjcnVtYnMlNUQ=[\/vc_raw_html][\/vc_column][\/vc_row][vc_row][vc_column el_class=&#8220;max-1000&#8243;][vc_custom_heading text=&#8220;Ein Verband f\u00fcr Bauplaner&#8220; font_container=&#8220;tag:h2|font_size:40px|text_align:left|line_height:1.25&#8243; use_theme_fonts=&#8220;yes&#8220; css=&#8220;.vc_custom_1733408417698{margin-bottom: 40px !important;}&#8220;][vc_column_text css=&#8220;.vc_custom_1733408593623{margin-bottom: 0px !important;}&#8220;]IAVS wurde 2003 unter dem fr\u00fcheren Namen WVAP gegr\u00fcndet und ist ein Berufsverband, der die im <strong>Kanton Wallis ans\u00e4ssigen Bauplanungsb\u00fcros<\/strong> vertritt. Er wird von einem Kantonalvorstand aus 9 Fachleuten des Sektors geleitet. Fond\u00e9e en 2003 sous l\u2019ancien nom AVMC,<\/p>\n<p>Unsere Mitglieder sind Architekten, Vermessungsingenieure, Bauingenieure, Elektroingenieure und Ingenieure, die sich auf technische Bereiche wie Heizung, Klima, L\u00fcftung sowie Sanit\u00e4r spezialisiert haben.[\/vc_column_text][vc_empty_space height=&#8220;30px&#8220;][vc_empty_space height=&#8220;30px&#8220; el_class=&#8220;hidden&#8220;][vc_custom_heading text=&#8220;Die Interessen des Berufsstandes vertreten&#8220; font_container=&#8220;tag:h2|font_size:40px|text_align:left|line_height:1.25&#8243; use_theme_fonts=&#8220;yes&#8220; css=&#8220;.vc_custom_1733408675557{margin-bottom: 40px !important;}&#8220;][vc_column_text css=&#8220;.vc_custom_1733408804427{margin-bottom: 0px !important;}&#8220;]Mit ihren 300 Mitgliedern ist IAVS die <strong>bevorzugte Ansprechpartnerin f\u00fcr Ingenieure und Architekten, die in Beh\u00f6rden oder als Bauherren t\u00e4tig sind<\/strong>. Mit Visionen und Kreativit\u00e4t f\u00f6rdern und erhalten wir die Aktivit\u00e4t und die Position der Branche auf hohem Niveau, insbesondere in Bezug auf wirtschaftliche, technische und ethische Aspekte.<\/p>\n<p>Wir unternehmen alle Schritte, um die gemeinsamen Interessen unserer Mitglieder zu verteidigen, insbesondere bei den zust\u00e4ndigen Gerichten. Dar\u00fcber hinaus festigen wir die Beziehungen zwischen franz\u00f6sisch- und deutschsprachigen Berufst\u00e4tigen.[\/vc_column_text][vc_empty_space height=&#8220;90px&#8220;][vc_empty_space height=&#8220;55px&#8220; el_class=&#8220;hidden&#8220;][\/vc_column][\/vc_row][vc_row][vc_column el_class=&#8220;max-1000&#8243;][vc_custom_heading text=&#8220;Aufgaben und Statuten&#8220; font_container=&#8220;tag:div|font_size:44px|text_align:left|color:%23a36712|line_height:1.25&#8243; use_theme_fonts=&#8220;yes&#8220; css=&#8220;.vc_custom_1733408877454{margin-bottom: 0px !important;}&#8220; el_class=&#8220;heading-span font-500&#8243;][vc_empty_space height=&#8220;10px&#8220; el_class=&#8220;show_mb&#8220;][\/vc_column][\/vc_row][vc_row full_width=&#8220;stretch_row&#8220; el_class=&#8220;section-mission bg_brown&#8220;][vc_column][\/vc_column][vc_column el_class=&#8220;inner-mission&#8220;][vc_row_inner css=&#8220;.vc_custom_1715071862107{margin-bottom: 40px !important;}&#8220;][vc_column_inner el_class=&#8220;padding-right-15&#8243; width=&#8220;1\/2&#8243; css=&#8220;.vc_custom_1715223875083{padding-top: 20px !important;padding-right: 90px !important;}&#8220;]\t\t\n\t\t<div class=\"rst-missions-wrap \">\n\t\t\t\t\t\t\t<div class=\"rst-mission-item\">\n\t\t\t\t\t<div class=\"number\"><span>01<\/span><\/div>\n\t\t\t\t\t<div class=\"rst-mission-content\">\n\t\t\t\t\t\tDie F\u00f6rderung von qualitativ hochwertigen Bauten\t\t\t\t\t<\/div>\n\t\t\t\t<\/div>\n\t\t\t\t\t\t\t<div class=\"rst-mission-item\">\n\t\t\t\t\t<div class=\"number\"><span>02<\/span><\/div>\n\t\t\t\t\t<div class=\"rst-mission-content\">\n\t\t\t\t\t\tDie Verbesserung der Rahmenbedingungen\t\t\t\t\t<\/div>\n\t\t\t\t<\/div>\n\t\t\t\t\t\t\t<div class=\"rst-mission-item\">\n\t\t\t\t\t<div class=\"number\"><span>03<\/span><\/div>\n\t\t\t\t\t<div class=\"rst-mission-content\">\n\t\t\t\t\t\tDie F\u00f6rderung der Ausbildung\t\t\t\t\t<\/div>\n\t\t\t\t<\/div>\n\t\t\t\t\t\t\n\t\t<\/div>\n\t\t\n\t\n[\/vc_column_inner][vc_column_inner el_class=&#8220;padding-right-15&#8243; width=&#8220;1\/2&#8243; css=&#8220;.vc_custom_1715223882627{padding-top: 20px !important;padding-right: 90px !important;}&#8220;]\t\t\n\t\t<div class=\"rst-missions-wrap \">\n\t\t\t\t\t\t\t<div class=\"rst-mission-item\">\n\t\t\t\t\t<div class=\"number\"><span>04<\/span><\/div>\n\t\t\t\t\t<div class=\"rst-mission-content\">\n\t\t\t\t\t\tKampf gegen Lohndumping\t\t\t\t\t<\/div>\n\t\t\t\t<\/div>\n\t\t\t\t\t\t\t<div class=\"rst-mission-item\">\n\t\t\t\t\t<div class=\"number\"><span>05<\/span><\/div>\n\t\t\t\t\t<div class=\"rst-mission-content\">\n\t\t\t\t\t\tKampf gegen Unterbietungen\t\t\t\t\t<\/div>\n\t\t\t\t<\/div>\n\t\t\t\t\t\t\t<div class=\"rst-mission-item\">\n\t\t\t\t\t<div class=\"number\"><span>06<\/span><\/div>\n\t\t\t\t\t<div class=\"rst-mission-content\">\n\t\t\t\t\t\tSt\u00e4rkung unserer Berufe in der Schweiz\t\t\t\t\t<\/div>\n\t\t\t\t<\/div>\n\t\t\t\t\t\t\n\t\t<\/div>\n\t\t\n\t\n[\/vc_column_inner][\/vc_row_inner][vc_row_inner][vc_column_inner][vc_column_text css=&#8220;.vc_custom_1733409138950{margin-bottom: 0px !important;}&#8220; el_class=&#8220;max-width-850 text-white&#8220;]IAVS beruht auf Statuten, die sich im Laufe der Zeit weiterentwickeln. Sie wurden 2024 im Lichte der neuen Herausforderungen der Branche aktualisiert.[\/vc_column_text][\/vc_column_inner][\/vc_row_inner][\/vc_column][\/vc_row][vc_row css=&#8220;.vc_custom_1715065925001{padding-bottom: 100px !important;}&#8220;][vc_column][vc_empty_space height=&#8220;100px&#8220;][vc_empty_space height=&#8220;20px&#8220; el_class=&#8220;hidden&#8220;][vc_custom_heading text=&#8220;Dokumentation&#8220; font_container=&#8220;tag:div|font_size:44px|text_align:left|color:%23a36712|line_height:1.25&#8243; use_theme_fonts=&#8220;yes&#8220; css=&#8220;.vc_custom_1733409171285{margin-bottom: 64px !important;}&#8220; el_class=&#8220;heading-span font-500&#8243;]\t<div class=\"rst-item-download \">\n\t\t<a href=\"https:\/\/www.iavs.ch\/wp-content\/uploads\/2024\/12\/STATUTEN-2.pdf\" download>\n\t\t\t<span class=\"rst-icon-download\"><span><\/span><\/span><\/span>Statuten 2024 einsehen<\/a>\n\t<\/div>\n\t\n[vc_empty_space height=&#8220;12px&#8220;]\t<div class=\"rst-item-download \">\n\t\t<a href=\"https:\/\/www.iavs.ch\/wp-content\/uploads\/2024\/12\/beilage1_kriterienBerufsausbildung.pdf\" download>\n\t\t\t<span class=\"rst-icon-download\"><span><\/span><\/span><\/span>Anhang zu den Kriterien f\u00fcr die Berufsausbildung<\/a>\n\t<\/div>\n\t\n[vc_empty_space height=&#8220;90px&#8220;][vc_empty_space height=&#8220;60px&#8220; el_class=&#8220;hidden&#8220;][vc_btn title=&#8220;Treten Sie dem Verband bei&#8220; style=&#8220;custom&#8220; custom_background=&#8220;#ffffff&#8220; custom_text=&#8220;#002135&#8243; align=&#8220;center&#8220; css=&#8220;&#8220; link=&#8220;url:https%3A%2F%2Fwww.iavs.ch%2Fde%2Fbeitrittsformular%2F|title:Adh%C3%A9sion|&#8220; el_class=&#8220;btn-custom&#8220;][\/vc_column][\/vc_row][vc_row][vc_column][vc_empty_space height=&#8220;100px&#8220;][\/vc_column][\/vc_row]<\/p>\n<\/div>","protected":false},"excerpt":{"rendered":"<p>[vc_row full_width=&#8220;stretch_row&#8220; content_placement=&#8220;middle&#8220; el_class=&#8220;section-banner&#8220; css=&#8220;.vc_custom_1715223123269{padding-top: 100px !important;padding-bottom: 100px !important;background-image: url(https:\/\/www.iavs.ch\/wp-content\/uploads\/2024\/05\/50fdad19d2f9f890e8c146839847a117.jpg?id=727) !important;background-position: center !important;background-repeat: no-repeat !important;background-size: cover !important;}&#8220;][vc_column css=&#8220;.vc_custom_1714982198824{margin-top: 0px !important;padding-top: 0px !important;}&#8220;][vc_custom_heading text=&#8220;Wer sind wir?&#8220; font_container=&#8220;tag:h1|font_size:56|text_align:center|color:%23ffffff|line_height:1.2&#8243; use_theme_fonts=&#8220;yes&#8220; css=&#8220;.vc_custom_1733408361468{margin-top: 0px !important;margin-bottom: 0px !important;padding-top: 0px !important;padding-bottom: 0px !important;}&#8220; el_class=&#8220;title-page&#8220;][\/vc_column][\/vc_row][vc_row][vc_column css=&#8220;.vc_custom_1715394682077{margin-top: 0px !important;padding-top: 0px !important;}&#8220;][vc_raw_html css=&#8220;.vc_custom_1715394638948{margin-top: 0px !important;margin-bottom: 0px !important;padding-top: 0px !important;padding-bottom: 0px !important;}&#8220;]JTVCYnJlYWRjcnVtYnMlNUQ=[\/vc_raw_html][\/vc_column][\/vc_row][vc_row][vc_column el_class=&#8220;max-1000&#8243;][vc_custom_heading text=&#8220;Ein Verband f\u00fcr [&hellip;]<\/p>\n","protected":false},"author":1,"featured_media":0,"parent":0,"menu_order":0,"comment_status":"closed","ping_status":"closed","template":"","meta":{"_acf_changed":false,"footnotes":""},"class_list":["post-1094","page","type-page","status-publish","hentry"],"acf":[],"yoast_head":"<!-- This site is optimized with the Yoast SEO plugin v27.4 - https:\/\/yoast.com\/product\/yoast-seo-wordpress\/ -->\n<title>IAVS \u2013 Wer sind wir?<\/title>\n<meta name=\"description\" content=\"IAVS vertritt die im Kanton Wallis ans\u00e4ssigen Bauplanungsb\u00fcros.\" \/>\n<meta name=\"robots\" content=\"index, follow, max-snippet:-1, max-image-preview:large, max-video-preview:-1\" \/>\n<link rel=\"canonical\" href=\"https:\/\/www.iavs.ch\/de\/wer-sind-wir\/\" \/>\n<meta property=\"og:locale\" content=\"de_DE\" \/>\n<meta property=\"og:type\" content=\"article\" \/>\n<meta property=\"og:title\" content=\"IAVS \u2013 Wer sind wir?\" \/>\n<meta property=\"og:description\" content=\"IAVS vertritt die im Kanton Wallis ans\u00e4ssigen Bauplanungsb\u00fcros.\" \/>\n<meta property=\"og:url\" content=\"https:\/\/www.iavs.ch\/de\/wer-sind-wir\/\" \/>\n<meta property=\"og:site_name\" content=\"IAVS - Ingenieure und Architekten aus dem Wallis\" \/>\n<meta property=\"article:modified_time\" content=\"2024-12-05T14:47:41+00:00\" \/>\n<meta name=\"twitter:card\" content=\"summary_large_image\" \/>\n<meta name=\"twitter:label1\" content=\"Gesch\u00e4tzte Lesezeit\" \/>\n\t<meta name=\"twitter:data1\" content=\"2\u00a0Minuten\" \/>\n<script type=\"application\/ld+json\" class=\"yoast-schema-graph\">{\"@context\":\"https:\\\/\\\/schema.org\",\"@graph\":[{\"@type\":\"WebPage\",\"@id\":\"https:\\\/\\\/www.iavs.ch\\\/de\\\/wer-sind-wir\\\/\",\"url\":\"https:\\\/\\\/www.iavs.ch\\\/de\\\/wer-sind-wir\\\/\",\"name\":\"IAVS \u2013 Wer sind wir?\",\"isPartOf\":{\"@id\":\"https:\\\/\\\/www.iavs.ch\\\/de\\\/#website\"},\"datePublished\":\"2024-05-06T04:07:58+00:00\",\"dateModified\":\"2024-12-05T14:47:41+00:00\",\"description\":\"IAVS vertritt die im Kanton Wallis ans\u00e4ssigen Bauplanungsb\u00fcros.\",\"breadcrumb\":{\"@id\":\"https:\\\/\\\/www.iavs.ch\\\/de\\\/wer-sind-wir\\\/#breadcrumb\"},\"inLanguage\":\"de\",\"potentialAction\":[{\"@type\":\"ReadAction\",\"target\":[\"https:\\\/\\\/www.iavs.ch\\\/de\\\/wer-sind-wir\\\/\"]}]},{\"@type\":\"BreadcrumbList\",\"@id\":\"https:\\\/\\\/www.iavs.ch\\\/de\\\/wer-sind-wir\\\/#breadcrumb\",\"itemListElement\":[{\"@type\":\"ListItem\",\"position\":1,\"name\":\"Accueil\",\"item\":\"https:\\\/\\\/www.iavs.ch\\\/de\\\/\"},{\"@type\":\"ListItem\",\"position\":2,\"name\":\"Wer sind wir ?\"}]},{\"@type\":\"WebSite\",\"@id\":\"https:\\\/\\\/www.iavs.ch\\\/de\\\/#website\",\"url\":\"https:\\\/\\\/www.iavs.ch\\\/de\\\/\",\"name\":\"IAVS \u2013 Ing\u00e9nieurs et Architectes du Valais\",\"description\":\"Vereinigung Ingenieure Architekten Wallis\",\"publisher\":{\"@id\":\"https:\\\/\\\/www.iavs.ch\\\/de\\\/#organization\"},\"potentialAction\":[{\"@type\":\"SearchAction\",\"target\":{\"@type\":\"EntryPoint\",\"urlTemplate\":\"https:\\\/\\\/www.iavs.ch\\\/de\\\/?s={search_term_string}\"},\"query-input\":{\"@type\":\"PropertyValueSpecification\",\"valueRequired\":true,\"valueName\":\"search_term_string\"}}],\"inLanguage\":\"de\"},{\"@type\":\"Organization\",\"@id\":\"https:\\\/\\\/www.iavs.ch\\\/de\\\/#organization\",\"name\":\"IAVS\",\"url\":\"https:\\\/\\\/www.iavs.ch\\\/de\\\/\",\"logo\":{\"@type\":\"ImageObject\",\"inLanguage\":\"de\",\"@id\":\"https:\\\/\\\/www.iavs.ch\\\/de\\\/#\\\/schema\\\/logo\\\/image\\\/\",\"url\":\"https:\\\/\\\/www.iavs.ch\\\/wp-content\\\/uploads\\\/2024\\\/05\\\/IAVS-logo.svg\",\"contentUrl\":\"https:\\\/\\\/www.iavs.ch\\\/wp-content\\\/uploads\\\/2024\\\/05\\\/IAVS-logo.svg\",\"width\":1,\"height\":1,\"caption\":\"IAVS\"},\"image\":{\"@id\":\"https:\\\/\\\/www.iavs.ch\\\/de\\\/#\\\/schema\\\/logo\\\/image\\\/\"}}]}<\/script>\n<!-- \/ Yoast SEO plugin. -->","yoast_head_json":{"title":"IAVS \u2013 Wer sind wir?","description":"IAVS vertritt die im Kanton Wallis ans\u00e4ssigen Bauplanungsb\u00fcros.","robots":{"index":"index","follow":"follow","max-snippet":"max-snippet:-1","max-image-preview":"max-image-preview:large","max-video-preview":"max-video-preview:-1"},"canonical":"https:\/\/www.iavs.ch\/de\/wer-sind-wir\/","og_locale":"de_DE","og_type":"article","og_title":"IAVS \u2013 Wer sind wir?","og_description":"IAVS vertritt die im Kanton Wallis ans\u00e4ssigen Bauplanungsb\u00fcros.","og_url":"https:\/\/www.iavs.ch\/de\/wer-sind-wir\/","og_site_name":"IAVS - Ingenieure und Architekten aus dem Wallis","article_modified_time":"2024-12-05T14:47:41+00:00","twitter_card":"summary_large_image","twitter_misc":{"Gesch\u00e4tzte Lesezeit":"2\u00a0Minuten"},"schema":{"@context":"https:\/\/schema.org","@graph":[{"@type":"WebPage","@id":"https:\/\/www.iavs.ch\/de\/wer-sind-wir\/","url":"https:\/\/www.iavs.ch\/de\/wer-sind-wir\/","name":"IAVS \u2013 Wer sind wir?","isPartOf":{"@id":"https:\/\/www.iavs.ch\/de\/#website"},"datePublished":"2024-05-06T04:07:58+00:00","dateModified":"2024-12-05T14:47:41+00:00","description":"IAVS vertritt die im Kanton Wallis ans\u00e4ssigen Bauplanungsb\u00fcros.","breadcrumb":{"@id":"https:\/\/www.iavs.ch\/de\/wer-sind-wir\/#breadcrumb"},"inLanguage":"de","potentialAction":[{"@type":"ReadAction","target":["https:\/\/www.iavs.ch\/de\/wer-sind-wir\/"]}]},{"@type":"BreadcrumbList","@id":"https:\/\/www.iavs.ch\/de\/wer-sind-wir\/#breadcrumb","itemListElement":[{"@type":"ListItem","position":1,"name":"Accueil","item":"https:\/\/www.iavs.ch\/de\/"},{"@type":"ListItem","position":2,"name":"Wer sind wir ?"}]},{"@type":"WebSite","@id":"https:\/\/www.iavs.ch\/de\/#website","url":"https:\/\/www.iavs.ch\/de\/","name":"IAVS \u2013 Ing\u00e9nieurs et Architectes du Valais","description":"Vereinigung Ingenieure Architekten Wallis","publisher":{"@id":"https:\/\/www.iavs.ch\/de\/#organization"},"potentialAction":[{"@type":"SearchAction","target":{"@type":"EntryPoint","urlTemplate":"https:\/\/www.iavs.ch\/de\/?s={search_term_string}"},"query-input":{"@type":"PropertyValueSpecification","valueRequired":true,"valueName":"search_term_string"}}],"inLanguage":"de"},{"@type":"Organization","@id":"https:\/\/www.iavs.ch\/de\/#organization","name":"IAVS","url":"https:\/\/www.iavs.ch\/de\/","logo":{"@type":"ImageObject","inLanguage":"de","@id":"https:\/\/www.iavs.ch\/de\/#\/schema\/logo\/image\/","url":"https:\/\/www.iavs.ch\/wp-content\/uploads\/2024\/05\/IAVS-logo.svg","contentUrl":"https:\/\/www.iavs.ch\/wp-content\/uploads\/2024\/05\/IAVS-logo.svg","width":1,"height":1,"caption":"IAVS"},"image":{"@id":"https:\/\/www.iavs.ch\/de\/#\/schema\/logo\/image\/"}}]}},"_links":{"self":[{"href":"https:\/\/www.iavs.ch\/de\/wp-json\/wp\/v2\/pages\/1094","targetHints":{"allow":["GET"]}}],"collection":[{"href":"https:\/\/www.iavs.ch\/de\/wp-json\/wp\/v2\/pages"}],"about":[{"href":"https:\/\/www.iavs.ch\/de\/wp-json\/wp\/v2\/types\/page"}],"author":[{"embeddable":true,"href":"https:\/\/www.iavs.ch\/de\/wp-json\/wp\/v2\/users\/1"}],"replies":[{"embeddable":true,"href":"https:\/\/www.iavs.ch\/de\/wp-json\/wp\/v2\/comments?post=1094"}],"version-history":[{"count":25,"href":"https:\/\/www.iavs.ch\/de\/wp-json\/wp\/v2\/pages\/1094\/revisions"}],"predecessor-version":[{"id":1792,"href":"https:\/\/www.iavs.ch\/de\/wp-json\/wp\/v2\/pages\/1094\/revisions\/1792"}],"wp:attachment":[{"href":"https:\/\/www.iavs.ch\/de\/wp-json\/wp\/v2\/media?parent=1094"}],"curies":[{"name":"wp","href":"https:\/\/api.w.org\/{rel}","templated":true}]}}